{"id":13105,"date":"2026-07-13T17:10:56","date_gmt":"2026-07-13T15:10:56","guid":{"rendered":"https:\/\/le-communique.fr\/articles\/"},"modified":"2026-07-13T17:10:56","modified_gmt":"2026-07-13T15:10:56","slug":"articles","status":"publish","type":"page","link":"https:\/\/le-communique.fr\/de\/articles\/","title":{"rendered":"Toutes nos publications"},"content":{"rendered":"<p class=\"wp-block-paragraph\">L&rsquo;int&eacute;gralit&eacute; des publications du Communiqu&eacute;, de la plus r&eacute;cente &agrave; la plus ancienne. Chaque article est v&eacute;rifi&eacute;, dat&eacute; et sign&eacute; par son auteur.<\/p>\n<style id=\"mc-css\">\n\/* CORE \u2014 mc-wrap = container 1200px CENTERED d\u00e9fensif *\/\n.mc-wrap{max-width:1200px;margin:0 auto;padding:0 24px;box-sizing:border-box;width:100%}\n\/* HERO \u2014 grid 2-col forc\u00e9, image gauche, card droite *\/\n.mc-hero{display:grid !important;grid-template-columns:1.05fr 1fr;gap:44px;align-items:center;margin:44px auto;justify-self:center;background:transparent;width:100%;max-width:100%}\n.mc-hero::before,.mc-hero::after{display:none !important;content:none !important;background:none !important}\n.mc-hero__media{position:relative;aspect-ratio:3\/2;max-height:470px;overflow:hidden;border-radius:8px;background:rgba(0,0,0,.06);width:100%;margin:0;grid-column:1}\n.mc-hero__media::before,.mc-hero__media::after{display:none !important;content:none !important}\n.mc-hero__media img{width:100%;height:100%;object-fit:cover;display:block;filter:none}\n.mc-hero__text{position:relative;grid-column:2;margin:0;background:transparent;padding:0}\n.mc-hero__text::before,.mc-hero__text::after{display:none !important;content:none !important;background:none !important}\n.mc-hero__kicker{font-size:11px;letter-spacing:2.5px;text-transform:uppercase;font-weight:700;opacity:.65;margin-bottom:14px}\n.mc-hero__title{font-size:clamp(28px,3.4vw,46px);line-height:1.08;margin:0 0 16px;font-family:inherit;text-shadow:none}\n.mc-hero__title a{color:inherit;text-decoration:none}\n.mc-hero__excerpt{font-size:16px;line-height:1.6;opacity:.78;margin:0 0 18px;text-shadow:none}\n.mc-hero__byline{font-size:13px;opacity:.6;margin-bottom:16px;text-shadow:none}\n.mc-hero__cta{display:inline-block;font-size:12px;letter-spacing:1.5px;text-transform:uppercase;font-weight:700;text-decoration:none;border-bottom:2px solid currentColor;padding-bottom:3px;color:inherit}\n\/* CARDS \u2014 grid responsive *\/\n.mc-cards{display:grid;gap:34px 28px;margin:8px auto 12px;width:100%}\n.mc-card{display:flex;flex-direction:column}\n.mc-card__media{aspect-ratio:16\/10;overflow:hidden;border-radius:5px;margin-bottom:13px;background:rgba(0,0,0,.06)}\n.mc-card__media img{width:100%;height:100%;object-fit:cover;display:block;transition:transform .5s}\n.mc-card:hover .mc-card__media img{transform:scale(1.04)}\n.mc-card__cat{font-size:10.5px;letter-spacing:1.8px;text-transform:uppercase;font-weight:700;opacity:.65;margin-bottom:6px}\n.mc-card__title{font-size:19px;line-height:1.26;margin:0 0 8px;font-family:inherit}\n.mc-card__title a{color:inherit;text-decoration:none}\n.mc-card__title a:hover{opacity:.7}\n.mc-card__date{font-size:12px;letter-spacing:.5px;opacity:.55;margin:auto 0 0}\n\/* HERO ASIDE variant *\/\n.mc-hero:has(.mc-hero__aside){grid-template-columns:1.15fr 1fr .8fr}\n.mc-hero__aside{border-left:1px solid rgba(128,128,128,.2);padding-left:24px;align-self:stretch}\n.mc-hero__aside-t{font-size:11px;letter-spacing:2px;text-transform:uppercase;font-weight:700;opacity:.6;margin-bottom:16px}\n.mc-aside-item{display:grid;grid-template-columns:64px 1fr;gap:12px;align-items:center;margin-bottom:16px;text-decoration:none;color:inherit}\n.mc-aside-img{display:block;aspect-ratio:1\/1;border-radius:4px;overflow:hidden;background:rgba(0,0,0,.06)}\n.mc-aside-img img{width:100%;height:100%;object-fit:cover;display:block}\n.mc-aside-tt{font-size:13.5px;line-height:1.3}\n.mc-aside-item:hover .mc-aside-tt{opacity:.7}\n\/* ANTI-R\u00c9GRESSION baseline d\u00e9fensive *\/\nbody #right-sidebar,body #left-sidebar,body aside.sidebar,body .widget-area.sidebar{display:none !important}\nbody .content-area,body #primary{float:none !important;width:100% !important;max-width:100% !important}\nbody .site-description,body p.main-title{display:none !important}\n@media(min-width:769px){body .main-navigation .main-nav ul{display:flex !important;flex-wrap:nowrap !important;justify-content:center !important;align-items:center !important;margin:0 !important;padding:0 !important;list-style:none !important}body .main-navigation .main-nav ul li{display:inline-block !important;float:none !important;margin:0 !important}body .main-navigation .main-nav ul li a{display:inline-block !important;padding:10px 14px !important;white-space:nowrap !important}}\n@media(max-width:900px){.mc-hero,.mc-hero:has(.mc-hero__aside){grid-template-columns:1fr;gap:24px}.mc-hero__media,.mc-hero__text{grid-column:auto}.mc-cards{grid-template-columns:1fr 1fr !important}.mc-hero__aside{border-left:none;padding-left:0;border-top:1px solid rgba(128,128,128,.2);padding-top:20px}}\n@media(max-width:560px){.mc-cards{grid-template-columns:1fr !important}}\n<\/style><div class=\"mc-wrap\"><div class=\"tw-cards mc-cards\" style=\"display:grid;grid-template-columns:repeat(3,1fr);gap:32px 28px\"><article class=\"tw-card mc-card\"><div class=\"tw-card__media mc-card__media\"><img decoding=\"async\" src=\"https:\/\/le-communique.fr\/wp-content\/uploads\/2026\/08\/pexels_le-communique_fr_13135_38626301-768x512.jpg\" alt=\"Orages du vendredi 28 ao\u00fbt : l&rsquo;orange lev\u00e9 \u00e0 10h, 37 d\u00e9partements encore en jaune au bulletin de 16h\" loading=\"lazy\" \/><\/div><span class=\"tw-card__cat mc-card__cat\">La m\u00e9t\u00e9o d\u00e9cod\u00e9e<\/span><div id=\"ez-toc-container\" class=\"ez-toc-v2_0_87 counter-hierarchy ez-toc-counter ez-toc-grey ez-toc-container-direction\">\n<div class=\"ez-toc-title-container\">\n<p class=\"ez-toc-title\" style=\"cursor:inherit\">Table of Contents<\/p>\n<span class=\"ez-toc-title-toggle\"><a href=\"#\" class=\"ez-toc-pull-right ez-toc-btn ez-toc-btn-xs ez-toc-btn-default ez-toc-toggle\" aria-label=\"Toggle Table of Content\"><span class=\"ez-toc-js-icon-con\"><span class=\"\"><span class=\"eztoc-hide\" style=\"display:none;\">Toggle<\/span><span class=\"ez-toc-icon-toggle-span\"><svg style=\"fill: #999;color:#999\" xmlns=\"http:\/\/www.w3.org\/2000\/svg\" class=\"list-377408\" width=\"20px\" height=\"20px\" viewbox=\"0 0 24 24\" fill=\"none\"><path d=\"M6 6H4v2h2V6zm14 0H8v2h12V6zM4 11h2v2H4v-2zm16 0H8v2h12v-2zM4 16h2v2H4v-2zm16 0H8v2h12v-2z\" fill=\"currentColor\"><\/path><\/svg><svg style=\"fill: #999;color:#999\" class=\"arrow-unsorted-368013\" xmlns=\"http:\/\/www.w3.org\/2000\/svg\" width=\"10px\" height=\"10px\" viewbox=\"0 0 24 24\" version=\"1.2\" baseprofile=\"tiny\"><path d=\"M18.2 9.3l-6.2-6.3-6.2 6.3c-.2.2-.3.4-.3.7s.1.5.3.7c.2.2.4.3.7.3h11c.3 0 .5-.1.7-.3.2-.2.3-.5.3-.7s-.1-.5-.3-.7zM5.8 14.7l6.2 6.3 6.2-6.3c.2-.2.3-.5.3-.7s-.1-.5-.3-.7c-.2-.2-.4-.3-.7-.3h-11c-.3 0-.5.1-.7.3-.2.2-.3.5-.3.7s.1.5.3.7z\"\/><\/svg><\/span><\/span><\/span><\/a><\/span><\/div>\n<nav><ul class='ez-toc-list ez-toc-list-level-1' ><li class='ez-toc-page-1 ez-toc-heading-level-3'><a class=\"ez-toc-link ez-toc-heading-1\" href=\"https:\/\/le-communique.fr\/de\/quel-thermostat-connecte-choisir\/#Orages_du_vendredi_28_aout_lorange_leve_a_10h_37_departements_encore_en_jaune_au_bulletin_de_16h\" >Orages du vendredi 28 ao\u00fbt : l&rsquo;orange lev\u00e9 \u00e0 10h, 37 d\u00e9partements encore en jaune au bulletin de 16h<\/a><\/li><li class='ez-toc-page-1 ez-toc-heading-level-3'><a class=\"ez-toc-link ez-toc-heading-2\" href=\"https:\/\/le-communique.fr\/de\/quel-thermostat-connecte-choisir\/#Recoller_une_plaque_funeraire_la_bonne_methode\" >Recoller une plaque fun\u00e9raire : la bonne m\u00e9thode<\/a><\/li><li class='ez-toc-page-1 ez-toc-heading-level-3'><a class=\"ez-toc-link ez-toc-heading-3\" href=\"https:\/\/le-communique.fr\/de\/quel-thermostat-connecte-choisir\/#Faire_un_communique_de_presse_structure_ton_et_diffusion_efficace\" >Faire un communiqu\u00e9 de presse : structure, ton et diffusion efficace<\/a><\/li><li class='ez-toc-page-1 ez-toc-heading-level-3'><a class=\"ez-toc-link ez-toc-heading-4\" href=\"https:\/\/le-communique.fr\/de\/quel-thermostat-connecte-choisir\/#Du_communique_de_presse_a_larticle_qui_se_positionne_la_demonstration_de_Julien_Jimenez\" >Du communiqu\u00e9 de presse \u00e0 l&rsquo;article qui se positionne : la d\u00e9monstration de Julien Jimenez<\/a><\/li><li class='ez-toc-page-1 ez-toc-heading-level-3'><a class=\"ez-toc-link ez-toc-heading-5\" href=\"https:\/\/le-communique.fr\/de\/quel-thermostat-connecte-choisir\/#Vigilance_orange_canicule_goutte_froide_comprendre_enfin_les_mots_de_la_meteo\" >Vigilance orange, canicule, goutte froide : comprendre enfin les mots de la m\u00e9t\u00e9o<\/a><\/li><li class='ez-toc-page-1 ez-toc-heading-level-3'><a class=\"ez-toc-link ez-toc-heading-6\" href=\"https:\/\/le-communique.fr\/de\/quel-thermostat-connecte-choisir\/#Orage_sec_cest_quoi_et_pourquoi_les_pompiers_le_redoutent\" >Orage sec : c&rsquo;est quoi, et pourquoi les pompiers le redoutent ?<\/a><\/li><li class='ez-toc-page-1 ez-toc-heading-level-3'><a class=\"ez-toc-link ez-toc-heading-7\" href=\"https:\/\/le-communique.fr\/de\/quel-thermostat-connecte-choisir\/#Vigilance_rouge_quest-ce_que_ca_change_par_rapport_a_lorange\" >Vigilance rouge : qu&rsquo;est-ce que \u00e7a change par rapport \u00e0 l&rsquo;orange ?<\/a><\/li><li class='ez-toc-page-1 ez-toc-heading-level-3'><a class=\"ez-toc-link ez-toc-heading-8\" href=\"https:\/\/le-communique.fr\/de\/quel-thermostat-connecte-choisir\/#El_Nino_cest_quoi_au_juste\" >El Ni\u00f1o, c&rsquo;est quoi au juste ?<\/a><\/li><li class='ez-toc-page-1 ez-toc-heading-level-3'><a class=\"ez-toc-link ez-toc-heading-9\" href=\"https:\/\/le-communique.fr\/de\/quel-thermostat-connecte-choisir\/#Cest_quoi_un_episode_cevenol\" >C&rsquo;est quoi, un \u00e9pisode c\u00e9venol ?<\/a><\/li><li class='ez-toc-page-1 ez-toc-heading-level-3'><a class=\"ez-toc-link ez-toc-heading-10\" href=\"https:\/\/le-communique.fr\/de\/quel-thermostat-connecte-choisir\/#Trop_chaud_pour_travailler_que_dit_la_loi\" >Trop chaud pour travailler : que dit la loi ?<\/a><\/li><li class='ez-toc-page-1 ez-toc-heading-level-3'><a class=\"ez-toc-link ez-toc-heading-11\" href=\"https:\/\/le-communique.fr\/de\/quel-thermostat-connecte-choisir\/#Cest_quoi_une_goutte_froide_en_meteo\" >C&rsquo;est quoi, une goutte froide en m\u00e9t\u00e9o ?<\/a><\/li><li class='ez-toc-page-1 ez-toc-heading-level-3'><a class=\"ez-toc-link ez-toc-heading-12\" href=\"https:\/\/le-communique.fr\/de\/quel-thermostat-connecte-choisir\/#Pic_de_chaleur_vague_de_chaleur_canicule_quelle_difference\" >Pic de chaleur, vague de chaleur, canicule : quelle diff\u00e9rence ?<\/a><\/li><li class='ez-toc-page-1 ez-toc-heading-level-3'><a class=\"ez-toc-link ez-toc-heading-13\" href=\"https:\/\/le-communique.fr\/de\/quel-thermostat-connecte-choisir\/#Temperature_ressentie_comment_est-elle_calculee\" >Temp\u00e9rature ressentie : comment est-elle calcul\u00e9e ?<\/a><\/li><li class='ez-toc-page-1 ez-toc-heading-level-3'><a class=\"ez-toc-link ez-toc-heading-14\" href=\"https:\/\/le-communique.fr\/de\/quel-thermostat-connecte-choisir\/#A_partir_de_combien_de_kmh_le_vent_devient-il_dangereux\" >\u00c0 partir de combien de km\/h le vent devient-il dangereux ?<\/a><\/li><li class='ez-toc-page-1 ez-toc-heading-level-3'><a class=\"ez-toc-link ez-toc-heading-15\" href=\"https:\/\/le-communique.fr\/de\/quel-thermostat-connecte-choisir\/#Canicule_a_partir_de_combien_de_degres\" >Canicule : \u00e0 partir de combien de degr\u00e9s ?<\/a><\/li><li class='ez-toc-page-1 ez-toc-heading-level-3'><a class=\"ez-toc-link ez-toc-heading-16\" href=\"https:\/\/le-communique.fr\/de\/quel-thermostat-connecte-choisir\/#Vigilance_orange_ca_veut_dire_quoi_concretement\" >Vigilance orange : \u00e7a veut dire quoi, concr\u00e8tement ?<\/a><\/li><li class='ez-toc-page-1 ez-toc-heading-level-3'><a class=\"ez-toc-link ez-toc-heading-17\" href=\"https:\/\/le-communique.fr\/de\/quel-thermostat-connecte-choisir\/#Cest_quoi_un_dome_de_chaleur\" >C&rsquo;est quoi, un d\u00f4me de chaleur ?<\/a><\/li><li class='ez-toc-page-1 ez-toc-heading-level-3'><a class=\"ez-toc-link ez-toc-heading-18\" href=\"https:\/\/le-communique.fr\/de\/quel-thermostat-connecte-choisir\/#Soldes_dete_2026_pourquoi_les_Francais_depensent_plus_alors_que_leur_pouvoir_dachat_recule\" >Soldes d&rsquo;\u00e9t\u00e9 2026 : pourquoi les Fran\u00e7ais d\u00e9pensent plus alors que leur pouvoir d&rsquo;achat recule<\/a><\/li><li class='ez-toc-page-1 ez-toc-heading-level-3'><a class=\"ez-toc-link ez-toc-heading-19\" href=\"https:\/\/le-communique.fr\/de\/quel-thermostat-connecte-choisir\/#Coalition_des_volontaires_25_dirigeants_a_Paris_et_un_14_Juillet_sous_le_signe_du_%C2%AB_reveil_strategique_de_lEurope_%C2%BB\" >Coalition des volontaires : 25 dirigeants \u00e0 Paris et un 14 Juillet sous le signe du \u00ab r\u00e9veil strat\u00e9gique de l&rsquo;Europe \u00bb<\/a><\/li><li class='ez-toc-page-1 ez-toc-heading-level-3'><a class=\"ez-toc-link ez-toc-heading-20\" href=\"https:\/\/le-communique.fr\/de\/quel-thermostat-connecte-choisir\/#Cybersecurite_et_IA_lEurope_degaine_son_plan_daction_face_aux_modeles_avances\" >Cybers\u00e9curit\u00e9 et IA : l&rsquo;Europe d\u00e9gaine son plan d&rsquo;action face aux mod\u00e8les avanc\u00e9s<\/a><\/li><li class='ez-toc-page-1 ez-toc-heading-level-3'><a class=\"ez-toc-link ez-toc-heading-21\" href=\"https:\/\/le-communique.fr\/de\/quel-thermostat-connecte-choisir\/#Les_7_meilleurs_objets_connectes_sans_fil_pour_simplifier_votre_vie_en_2024\" >Les 7 meilleurs objets connect\u00e9s sans fil pour simplifier votre vie en 2024<\/a><\/li><li class='ez-toc-page-1 ez-toc-heading-level-3'><a class=\"ez-toc-link ez-toc-heading-22\" href=\"https:\/\/le-communique.fr\/de\/quel-thermostat-connecte-choisir\/#Robot_piscine_sans_fil_la_solution_efficace_pour_un_nettoyage_securise\" >Robot piscine sans fil : la solution efficace pour un nettoyage s\u00e9curis\u00e9<\/a><\/li><li class='ez-toc-page-1 ez-toc-heading-level-3'><a class=\"ez-toc-link ez-toc-heading-23\" href=\"https:\/\/le-communique.fr\/de\/quel-thermostat-connecte-choisir\/#Cadeaux_personnalises_idees_originales_et_leur_impact_emotionnel\" >Cadeaux personnalis\u00e9s : id\u00e9es originales et leur impact \u00e9motionnel<\/a><\/li><li class='ez-toc-page-1 ez-toc-heading-level-3'><a class=\"ez-toc-link ez-toc-heading-24\" href=\"https:\/\/le-communique.fr\/de\/quel-thermostat-connecte-choisir\/#Duree_de_vie_du_MacBook_Air_facteurs_cles_pour_optimiser_sa_longevite\" >Dur\u00e9e de vie du MacBook Air : facteurs cl\u00e9s pour optimiser sa long\u00e9vit\u00e9<\/a><\/li><li class='ez-toc-page-1 ez-toc-heading-level-3'><a class=\"ez-toc-link ez-toc-heading-25\" href=\"https:\/\/le-communique.fr\/de\/quel-thermostat-connecte-choisir\/#Pourquoi_certaines_trottinettes_electriques_atteignent_100_kmh_risques_et_legalite\" >Pourquoi certaines trottinettes \u00e9lectriques atteignent 100 km\/h : risques et l\u00e9galit\u00e9<\/a><\/li><li class='ez-toc-page-1 ez-toc-heading-level-3'><a class=\"ez-toc-link ez-toc-heading-26\" href=\"https:\/\/le-communique.fr\/de\/quel-thermostat-connecte-choisir\/#Objets_connectes_sans_fil_top_7_indispensables_pour_votre_maison\" >Objets connect\u00e9s sans fil : top 7 indispensables pour votre maison<\/a><\/li><li class='ez-toc-page-1 ez-toc-heading-level-3'><a class=\"ez-toc-link ez-toc-heading-27\" href=\"https:\/\/le-communique.fr\/de\/quel-thermostat-connecte-choisir\/#Robot_piscine_comparatif_comment_choisir_le_meilleur_pour_votre_hygiene\" >Robot piscine comparatif : comment choisir le meilleur pour votre hygi\u00e8ne<\/a><\/li><li class='ez-toc-page-1 ez-toc-heading-level-3'><a class=\"ez-toc-link ez-toc-heading-28\" href=\"https:\/\/le-communique.fr\/de\/quel-thermostat-connecte-choisir\/#Mini_Velo_Electrique_Puissant_La_Solution_Legere_pour_la_Mobilite_Urbaine\" >Mini V\u00e9lo \u00c9lectrique Puissant : La Solution L\u00e9g\u00e8re pour la Mobilit\u00e9 Urbaine<\/a><\/li><li class='ez-toc-page-1 ez-toc-heading-level-3'><a class=\"ez-toc-link ez-toc-heading-29\" href=\"https:\/\/le-communique.fr\/de\/quel-thermostat-connecte-choisir\/#Trottinette_electrique_a_plus_de_100_kmh_enjeux_et_modeles_innovants\" >Trottinette \u00e9lectrique \u00e0 plus de 100 km\/h : enjeux et mod\u00e8les innovants<\/a><\/li><li class='ez-toc-page-1 ez-toc-heading-level-3'><a class=\"ez-toc-link ez-toc-heading-30\" href=\"https:\/\/le-communique.fr\/de\/quel-thermostat-connecte-choisir\/#quel_thermostat_connecte_choisir\" >quel thermostat connect\u00e9 choisir<\/a><\/li><\/ul><\/nav><\/div>\n<h3 class=\"tw-card__title mc-card__title\"><span class=\"ez-toc-section\" id=\"Orages_du_vendredi_28_aout_lorange_leve_a_10h_37_departements_encore_en_jaune_au_bulletin_de_16h\"><\/span><a href=\"https:\/\/le-communique.fr\/de\/orages-28-aout-2026-vigilance-jaune-departements\/\">Orages du vendredi 28 ao\u00fbt : l&rsquo;orange lev\u00e9 \u00e0 10h, 37 d\u00e9partements encore en jaune au bulletin de 16h<\/a><span class=\"ez-toc-section-end\"><\/span><\/h3><p class=\"tw-card__date mc-card__date\">28 Aug. 2026<\/p><\/article><article class=\"tw-card mc-card\"><div class=\"tw-card__media mc-card__media\"><img decoding=\"async\" src=\"https:\/\/images.pexels.com\/photos\/38569164\/pexels-photo-38569164.jpeg?auto=compress&#038;cs=tinysrgb&#038;fit=crop&#038;h=627&#038;w=1200\" alt=\"Recoller une plaque fun\u00e9raire : la bonne m\u00e9thode\" loading=\"lazy\" \/><\/div><span class=\"tw-card__cat mc-card__cat\">Non class\u00e9<\/span><h3 class=\"tw-card__title mc-card__title\"><span class=\"ez-toc-section\" id=\"Recoller_une_plaque_funeraire_la_bonne_methode\"><\/span><a href=\"https:\/\/le-communique.fr\/de\/recoller-une-plaque-funeraire-la-bonne-methode\/\">Recoller une plaque fun\u00e9raire : la bonne m\u00e9thode<\/a><span class=\"ez-toc-section-end\"><\/span><\/h3><p class=\"tw-card__date mc-card__date\">2 Aug. 2026<\/p><\/article><article class=\"tw-card mc-card\"><div class=\"tw-card__media mc-card__media\"><img decoding=\"async\" src=\"https:\/\/images.pexels.com\/photos\/6326287\/pexels-photo-6326287.jpeg?auto=compress&#038;cs=tinysrgb&#038;fit=crop&#038;h=627&#038;w=1200\" alt=\"Faire un communiqu\u00e9 de presse : structure, ton et diffusion efficace\" loading=\"lazy\" \/><\/div><span class=\"tw-card__cat mc-card__cat\">Non class\u00e9<\/span><h3 class=\"tw-card__title mc-card__title\"><span class=\"ez-toc-section\" id=\"Faire_un_communique_de_presse_structure_ton_et_diffusion_efficace\"><\/span><a href=\"https:\/\/le-communique.fr\/de\/faire-un-communique-de-presse\/\">Faire un communiqu\u00e9 de presse : structure, ton et diffusion efficace<\/a><span class=\"ez-toc-section-end\"><\/span><\/h3><p class=\"tw-card__date mc-card__date\">28 Juli 2026<\/p><\/article><article class=\"tw-card mc-card\"><div class=\"tw-card__media mc-card__media\"><img decoding=\"async\" src=\"https:\/\/images.pexels.com\/photos\/8099483\/pexels-photo-8099483.jpeg?auto=compress&#038;cs=tinysrgb&#038;fit=crop&#038;h=627&#038;w=1200\" alt=\"Du communiqu\u00e9 de presse \u00e0 l&rsquo;article qui se positionne : la d\u00e9monstration de Julien Jimenez\" loading=\"lazy\" \/><\/div><span class=\"tw-card__cat mc-card__cat\">Non class\u00e9<\/span><h3 class=\"tw-card__title mc-card__title\"><span class=\"ez-toc-section\" id=\"Du_communique_de_presse_a_larticle_qui_se_positionne_la_demonstration_de_Julien_Jimenez\"><\/span><a href=\"https:\/\/le-communique.fr\/de\/julien-jimenez-redaction-seo-communique-presse\/\">Du communiqu\u00e9 de presse \u00e0 l&rsquo;article qui se positionne : la d\u00e9monstration de Julien Jimenez<\/a><span class=\"ez-toc-section-end\"><\/span><\/h3><p class=\"tw-card__date mc-card__date\">27 Juli 2026<\/p><\/article><article class=\"tw-card mc-card\"><div class=\"tw-card__media mc-card__media\"><img decoding=\"async\" src=\"https:\/\/images.pexels.com\/photos\/10890854\/pexels-photo-10890854.jpeg?auto=compress&#038;cs=tinysrgb&#038;fit=crop&#038;h=627&#038;w=1200\" alt=\"Vigilance orange, canicule, goutte froide : comprendre enfin les mots de la m\u00e9t\u00e9o\" loading=\"lazy\" \/><\/div><span class=\"tw-card__cat mc-card__cat\">La m\u00e9t\u00e9o d\u00e9cod\u00e9e<\/span><h3 class=\"tw-card__title mc-card__title\"><span class=\"ez-toc-section\" id=\"Vigilance_orange_canicule_goutte_froide_comprendre_enfin_les_mots_de_la_meteo\"><\/span><a href=\"https:\/\/le-communique.fr\/de\/comprendre-les-mots-de-la-meteo\/\">Vigilance orange, canicule, goutte froide : comprendre enfin les mots de la m\u00e9t\u00e9o<\/a><span class=\"ez-toc-section-end\"><\/span><\/h3><p class=\"tw-card__date mc-card__date\">17 Juli 2026<\/p><\/article><article class=\"tw-card mc-card\"><div class=\"tw-card__media mc-card__media\"><img decoding=\"async\" src=\"https:\/\/images.pexels.com\/photos\/15445102\/pexels-photo-15445102.jpeg?auto=compress&#038;cs=tinysrgb&#038;fit=crop&#038;h=627&#038;w=1200\" alt=\"Orage sec : c&rsquo;est quoi, et pourquoi les pompiers le redoutent ?\" loading=\"lazy\" \/><\/div><span class=\"tw-card__cat mc-card__cat\">La m\u00e9t\u00e9o d\u00e9cod\u00e9e<\/span><h3 class=\"tw-card__title mc-card__title\"><span class=\"ez-toc-section\" id=\"Orage_sec_cest_quoi_et_pourquoi_les_pompiers_le_redoutent\"><\/span><a href=\"https:\/\/le-communique.fr\/de\/orage-sec-c-est-quoi\/\">Orage sec : c&rsquo;est quoi, et pourquoi les pompiers le redoutent ?<\/a><span class=\"ez-toc-section-end\"><\/span><\/h3><p class=\"tw-card__date mc-card__date\">17 Juli 2026<\/p><\/article><article class=\"tw-card mc-card\"><div class=\"tw-card__media mc-card__media\"><img decoding=\"async\" src=\"https:\/\/images.pexels.com\/photos\/32218275\/pexels-photo-32218275.jpeg?auto=compress&#038;cs=tinysrgb&#038;fit=crop&#038;h=627&#038;w=1200\" alt=\"Vigilance rouge : qu&rsquo;est-ce que \u00e7a change par rapport \u00e0 l&rsquo;orange ?\" loading=\"lazy\" \/><\/div><span class=\"tw-card__cat mc-card__cat\">La m\u00e9t\u00e9o d\u00e9cod\u00e9e<\/span><h3 class=\"tw-card__title mc-card__title\"><span class=\"ez-toc-section\" id=\"Vigilance_rouge_quest-ce_que_ca_change_par_rapport_a_lorange\"><\/span><a href=\"https:\/\/le-communique.fr\/de\/vigilance-rouge-signification\/\">Vigilance rouge : qu&rsquo;est-ce que \u00e7a change par rapport \u00e0 l&rsquo;orange ?<\/a><span class=\"ez-toc-section-end\"><\/span><\/h3><p class=\"tw-card__date mc-card__date\">17 Juli 2026<\/p><\/article><article class=\"tw-card mc-card\"><div class=\"tw-card__media mc-card__media\"><img decoding=\"async\" src=\"https:\/\/images.pexels.com\/photos\/34419932\/pexels-photo-34419932.jpeg?auto=compress&#038;cs=tinysrgb&#038;fit=crop&#038;h=627&#038;w=1200\" alt=\"El Ni\u00f1o, c&rsquo;est quoi au juste ?\" loading=\"lazy\" \/><\/div><span class=\"tw-card__cat mc-card__cat\">La m\u00e9t\u00e9o d\u00e9cod\u00e9e<\/span><h3 class=\"tw-card__title mc-card__title\"><span class=\"ez-toc-section\" id=\"El_Nino_cest_quoi_au_juste\"><\/span><a href=\"https:\/\/le-communique.fr\/de\/el-nino-c-est-quoi\/\">El Ni\u00f1o, c&rsquo;est quoi au juste ?<\/a><span class=\"ez-toc-section-end\"><\/span><\/h3><p class=\"tw-card__date mc-card__date\">17 Juli 2026<\/p><\/article><article class=\"tw-card mc-card\"><div class=\"tw-card__media mc-card__media\"><img decoding=\"async\" src=\"https:\/\/images.pexels.com\/photos\/30490522\/pexels-photo-30490522.jpeg?auto=compress&#038;cs=tinysrgb&#038;fit=crop&#038;h=627&#038;w=1200\" alt=\"C&rsquo;est quoi, un \u00e9pisode c\u00e9venol ?\" loading=\"lazy\" \/><\/div><span class=\"tw-card__cat mc-card__cat\">La m\u00e9t\u00e9o d\u00e9cod\u00e9e<\/span><h3 class=\"tw-card__title mc-card__title\"><span class=\"ez-toc-section\" id=\"Cest_quoi_un_episode_cevenol\"><\/span><a href=\"https:\/\/le-communique.fr\/de\/episode-cevenol-definition\/\">C&rsquo;est quoi, un \u00e9pisode c\u00e9venol ?<\/a><span class=\"ez-toc-section-end\"><\/span><\/h3><p class=\"tw-card__date mc-card__date\">17 Juli 2026<\/p><\/article><article class=\"tw-card mc-card\"><div class=\"tw-card__media mc-card__media\"><img decoding=\"async\" src=\"https:\/\/images.pexels.com\/photos\/3778964\/pexels-photo-3778964.jpeg?auto=compress&#038;cs=tinysrgb&#038;fit=crop&#038;h=627&#038;w=1200\" alt=\"Trop chaud pour travailler : que dit la loi ?\" loading=\"lazy\" \/><\/div><span class=\"tw-card__cat mc-card__cat\">La m\u00e9t\u00e9o d\u00e9cod\u00e9e<\/span><h3 class=\"tw-card__title mc-card__title\"><span class=\"ez-toc-section\" id=\"Trop_chaud_pour_travailler_que_dit_la_loi\"><\/span><a href=\"https:\/\/le-communique.fr\/de\/chaleur-travail-que-dit-la-loi\/\">Trop chaud pour travailler : que dit la loi ?<\/a><span class=\"ez-toc-section-end\"><\/span><\/h3><p class=\"tw-card__date mc-card__date\">17 Juli 2026<\/p><\/article><article class=\"tw-card mc-card\"><div class=\"tw-card__media mc-card__media\"><img decoding=\"async\" src=\"https:\/\/images.pexels.com\/photos\/13630835\/pexels-photo-13630835.jpeg?auto=compress&#038;cs=tinysrgb&#038;fit=crop&#038;h=627&#038;w=1200\" alt=\"C&rsquo;est quoi, une goutte froide en m\u00e9t\u00e9o ?\" loading=\"lazy\" \/><\/div><span class=\"tw-card__cat mc-card__cat\">La m\u00e9t\u00e9o d\u00e9cod\u00e9e<\/span><h3 class=\"tw-card__title mc-card__title\"><span class=\"ez-toc-section\" id=\"Cest_quoi_une_goutte_froide_en_meteo\"><\/span><a href=\"https:\/\/le-communique.fr\/de\/goutte-froide-meteo\/\">C&rsquo;est quoi, une goutte froide en m\u00e9t\u00e9o ?<\/a><span class=\"ez-toc-section-end\"><\/span><\/h3><p class=\"tw-card__date mc-card__date\">17 Juli 2026<\/p><\/article><article class=\"tw-card mc-card\"><div class=\"tw-card__media mc-card__media\"><img decoding=\"async\" src=\"https:\/\/images.pexels.com\/photos\/9957204\/pexels-photo-9957204.jpeg?auto=compress&#038;cs=tinysrgb&#038;fit=crop&#038;h=627&#038;w=1200\" alt=\"Pic de chaleur, vague de chaleur, canicule : quelle diff\u00e9rence ?\" loading=\"lazy\" \/><\/div><span class=\"tw-card__cat mc-card__cat\">La m\u00e9t\u00e9o d\u00e9cod\u00e9e<\/span><h3 class=\"tw-card__title mc-card__title\"><span class=\"ez-toc-section\" id=\"Pic_de_chaleur_vague_de_chaleur_canicule_quelle_difference\"><\/span><a href=\"https:\/\/le-communique.fr\/de\/difference-canicule-vague-pic-chaleur\/\">Pic de chaleur, vague de chaleur, canicule : quelle diff\u00e9rence ?<\/a><span class=\"ez-toc-section-end\"><\/span><\/h3><p class=\"tw-card__date mc-card__date\">17 Juli 2026<\/p><\/article><article class=\"tw-card mc-card\"><div class=\"tw-card__media mc-card__media\"><img decoding=\"async\" src=\"https:\/\/images.pexels.com\/photos\/4386325\/pexels-photo-4386325.jpeg?auto=compress&#038;cs=tinysrgb&#038;fit=crop&#038;h=627&#038;w=1200\" alt=\"Temp\u00e9rature ressentie : comment est-elle calcul\u00e9e ?\" loading=\"lazy\" \/><\/div><span class=\"tw-card__cat mc-card__cat\">La m\u00e9t\u00e9o d\u00e9cod\u00e9e<\/span><h3 class=\"tw-card__title mc-card__title\"><span class=\"ez-toc-section\" id=\"Temperature_ressentie_comment_est-elle_calculee\"><\/span><a href=\"https:\/\/le-communique.fr\/de\/temperature-ressentie-calcul\/\">Temp\u00e9rature ressentie : comment est-elle calcul\u00e9e ?<\/a><span class=\"ez-toc-section-end\"><\/span><\/h3><p class=\"tw-card__date mc-card__date\">17 Juli 2026<\/p><\/article><article class=\"tw-card mc-card\"><div class=\"tw-card__media mc-card__media\"><img decoding=\"async\" src=\"https:\/\/images.pexels.com\/photos\/24981549\/pexels-photo-24981549.jpeg?auto=compress&#038;cs=tinysrgb&#038;fit=crop&#038;h=627&#038;w=1200\" alt=\"\u00c0 partir de combien de km\/h le vent devient-il dangereux ?\" loading=\"lazy\" \/><\/div><span class=\"tw-card__cat mc-card__cat\">La m\u00e9t\u00e9o d\u00e9cod\u00e9e<\/span><h3 class=\"tw-card__title mc-card__title\"><span class=\"ez-toc-section\" id=\"A_partir_de_combien_de_kmh_le_vent_devient-il_dangereux\"><\/span><a href=\"https:\/\/le-communique.fr\/de\/vent-dangereux-km-h\/\">\u00c0 partir de combien de km\/h le vent devient-il dangereux ?<\/a><span class=\"ez-toc-section-end\"><\/span><\/h3><p class=\"tw-card__date mc-card__date\">17 Juli 2026<\/p><\/article><article class=\"tw-card mc-card\"><div class=\"tw-card__media mc-card__media\"><img decoding=\"async\" src=\"https:\/\/images.pexels.com\/photos\/19297708\/pexels-photo-19297708.jpeg?auto=compress&#038;cs=tinysrgb&#038;fit=crop&#038;h=627&#038;w=1200\" alt=\"Canicule : \u00e0 partir de combien de degr\u00e9s ?\" loading=\"lazy\" \/><\/div><span class=\"tw-card__cat mc-card__cat\">La m\u00e9t\u00e9o d\u00e9cod\u00e9e<\/span><h3 class=\"tw-card__title mc-card__title\"><span class=\"ez-toc-section\" id=\"Canicule_a_partir_de_combien_de_degres\"><\/span><a href=\"https:\/\/le-communique.fr\/de\/canicule-combien-de-degres\/\">Canicule : \u00e0 partir de combien de degr\u00e9s ?<\/a><span class=\"ez-toc-section-end\"><\/span><\/h3><p class=\"tw-card__date mc-card__date\">17 Juli 2026<\/p><\/article><article class=\"tw-card mc-card\"><div class=\"tw-card__media mc-card__media\"><img decoding=\"async\" src=\"https:\/\/images.pexels.com\/photos\/4477289\/pexels-photo-4477289.jpeg?auto=compress&#038;cs=tinysrgb&#038;fit=crop&#038;h=627&#038;w=1200\" alt=\"Vigilance orange : \u00e7a veut dire quoi, concr\u00e8tement ?\" loading=\"lazy\" \/><\/div><span class=\"tw-card__cat mc-card__cat\">La m\u00e9t\u00e9o d\u00e9cod\u00e9e<\/span><h3 class=\"tw-card__title mc-card__title\"><span class=\"ez-toc-section\" id=\"Vigilance_orange_ca_veut_dire_quoi_concretement\"><\/span><a href=\"https:\/\/le-communique.fr\/de\/vigilance-orange-signification\/\">Vigilance orange : \u00e7a veut dire quoi, concr\u00e8tement ?<\/a><span class=\"ez-toc-section-end\"><\/span><\/h3><p class=\"tw-card__date mc-card__date\">17 Juli 2026<\/p><\/article><article class=\"tw-card mc-card\"><div class=\"tw-card__media mc-card__media\"><img decoding=\"async\" src=\"https:\/\/images.pexels.com\/photos\/36553071\/pexels-photo-36553071.jpeg?auto=compress&#038;cs=tinysrgb&#038;fit=crop&#038;h=627&#038;w=1200\" alt=\"C&rsquo;est quoi, un d\u00f4me de chaleur ?\" loading=\"lazy\" \/><\/div><span class=\"tw-card__cat mc-card__cat\">La m\u00e9t\u00e9o d\u00e9cod\u00e9e<\/span><h3 class=\"tw-card__title mc-card__title\"><span class=\"ez-toc-section\" id=\"Cest_quoi_un_dome_de_chaleur\"><\/span><a href=\"https:\/\/le-communique.fr\/de\/dome-de-chaleur-c-est-quoi\/\">C&rsquo;est quoi, un d\u00f4me de chaleur ?<\/a><span class=\"ez-toc-section-end\"><\/span><\/h3><p class=\"tw-card__date mc-card__date\">17 Juli 2026<\/p><\/article><article class=\"tw-card mc-card\"><div class=\"tw-card__media mc-card__media\"><img decoding=\"async\" src=\"https:\/\/images.pexels.com\/photos\/5650027\/pexels-photo-5650027.jpeg?auto=compress&#038;cs=tinysrgb&#038;fit=crop&#038;h=627&#038;w=1200\" alt=\"Soldes d&rsquo;\u00e9t\u00e9 2026 : pourquoi les Fran\u00e7ais d\u00e9pensent plus alors que leur pouvoir d&rsquo;achat recule\" loading=\"lazy\" \/><\/div><span class=\"tw-card__cat mc-card__cat\">Non class\u00e9<\/span><h3 class=\"tw-card__title mc-card__title\"><span class=\"ez-toc-section\" id=\"Soldes_dete_2026_pourquoi_les_Francais_depensent_plus_alors_que_leur_pouvoir_dachat_recule\"><\/span><a href=\"https:\/\/le-communique.fr\/de\/soldes-d-ete-2026-pourquoi-les-francais-depensent-plus-alors-que-leur\/\">Soldes d&rsquo;\u00e9t\u00e9 2026 : pourquoi les Fran\u00e7ais d\u00e9pensent plus alors que leur pouvoir d&rsquo;achat recule<\/a><span class=\"ez-toc-section-end\"><\/span><\/h3><p class=\"tw-card__date mc-card__date\">13 Juli 2026<\/p><\/article><article class=\"tw-card mc-card\"><div class=\"tw-card__media mc-card__media\"><img decoding=\"async\" src=\"https:\/\/images.pexels.com\/photos\/31582768\/pexels-photo-31582768.jpeg?auto=compress&#038;cs=tinysrgb&#038;fit=crop&#038;h=627&#038;w=1200\" alt=\"Coalition des volontaires : 25 dirigeants \u00e0 Paris et un 14 Juillet sous le signe du \u00ab r\u00e9veil strat\u00e9gique de l&rsquo;Europe \u00bb\" loading=\"lazy\" \/><\/div><span class=\"tw-card__cat mc-card__cat\">Non class\u00e9<\/span><h3 class=\"tw-card__title mc-card__title\"><span class=\"ez-toc-section\" id=\"Coalition_des_volontaires_25_dirigeants_a_Paris_et_un_14_Juillet_sous_le_signe_du_%C2%AB_reveil_strategique_de_lEurope_%C2%BB\"><\/span><a href=\"https:\/\/le-communique.fr\/de\/coalition-des-volontaires-25-dirigeants-a-paris-et-un-14-juillet-sous\/\">Coalition des volontaires : 25 dirigeants \u00e0 Paris et un 14 Juillet sous le signe du \u00ab r\u00e9veil strat\u00e9gique de l&rsquo;Europe \u00bb<\/a><span class=\"ez-toc-section-end\"><\/span><\/h3><p class=\"tw-card__date mc-card__date\">13 Juli 2026<\/p><\/article><article class=\"tw-card mc-card\"><div class=\"tw-card__media mc-card__media\"><img decoding=\"async\" src=\"https:\/\/images.pexels.com\/photos\/30530414\/pexels-photo-30530414.jpeg?auto=compress&#038;cs=tinysrgb&#038;fit=crop&#038;h=627&#038;w=1200\" alt=\"Cybers\u00e9curit\u00e9 et IA : l&rsquo;Europe d\u00e9gaine son plan d&rsquo;action face aux mod\u00e8les avanc\u00e9s\" loading=\"lazy\" \/><\/div><span class=\"tw-card__cat mc-card__cat\">Non class\u00e9<\/span><h3 class=\"tw-card__title mc-card__title\"><span class=\"ez-toc-section\" id=\"Cybersecurite_et_IA_lEurope_degaine_son_plan_daction_face_aux_modeles_avances\"><\/span><a href=\"https:\/\/le-communique.fr\/de\/cybersecurite-et-ia-l-europe-degaine-son-plan-d-action-face-aux-modele\/\">Cybers\u00e9curit\u00e9 et IA : l&rsquo;Europe d\u00e9gaine son plan d&rsquo;action face aux mod\u00e8les avanc\u00e9s<\/a><span class=\"ez-toc-section-end\"><\/span><\/h3><p class=\"tw-card__date mc-card__date\">13 Juli 2026<\/p><\/article><article class=\"tw-card mc-card\"><div class=\"tw-card__media mc-card__media\"><img decoding=\"async\" src=\"https:\/\/le-communique.fr\/wp-content\/uploads\/2025\/09\/pag-image-68c0cecfd4145-768x439.png\" alt=\"Les 7 meilleurs objets connect\u00e9s sans fil pour simplifier votre vie en 2024\" loading=\"lazy\" \/><\/div><span class=\"tw-card__cat mc-card__cat\">Non class\u00e9<\/span><h3 class=\"tw-card__title mc-card__title\"><span class=\"ez-toc-section\" id=\"Les_7_meilleurs_objets_connectes_sans_fil_pour_simplifier_votre_vie_en_2024\"><\/span><a href=\"https:\/\/le-communique.fr\/de\/les-7-meilleurs-objets-connectes-sans-fil-pour-simplifier-votre-vie-en-2024\/\">Les 7 meilleurs objets connect\u00e9s sans fil pour simplifier votre vie en 2024<\/a><span class=\"ez-toc-section-end\"><\/span><\/h3><p class=\"tw-card__date mc-card__date\">27 Okt. 2025<\/p><\/article><article class=\"tw-card mc-card\"><div class=\"tw-card__media mc-card__media\"><img decoding=\"async\" src=\"https:\/\/le-communique.fr\/wp-content\/uploads\/2025\/09\/pag-image-68c0ac0e796b2-768x439.png\" alt=\"Robot piscine sans fil : la solution efficace pour un nettoyage s\u00e9curis\u00e9\" loading=\"lazy\" \/><\/div><span class=\"tw-card__cat mc-card__cat\">Accessoires pour chiens<\/span><h3 class=\"tw-card__title mc-card__title\"><span class=\"ez-toc-section\" id=\"Robot_piscine_sans_fil_la_solution_efficace_pour_un_nettoyage_securise\"><\/span><a href=\"https:\/\/le-communique.fr\/de\/robot-piscine-sans-fil-la-solution-efficace-pour-un-nettoyage-securise\/\">Robot piscine sans fil : la solution efficace pour un nettoyage s\u00e9curis\u00e9<\/a><span class=\"ez-toc-section-end\"><\/span><\/h3><p class=\"tw-card__date mc-card__date\">23 Okt. 2025<\/p><\/article><article class=\"tw-card mc-card\"><div class=\"tw-card__media mc-card__media\"><img decoding=\"async\" src=\"https:\/\/le-communique.fr\/wp-content\/uploads\/2025\/09\/pag-image-68c0ab4dbcbb2-768x439.png\" alt=\"Cadeaux personnalis\u00e9s : id\u00e9es originales et leur impact \u00e9motionnel\" loading=\"lazy\" \/><\/div><span class=\"tw-card__cat mc-card__cat\">Id\u00e9es de cadeaux<\/span><h3 class=\"tw-card__title mc-card__title\"><span class=\"ez-toc-section\" id=\"Cadeaux_personnalises_idees_originales_et_leur_impact_emotionnel\"><\/span><a href=\"https:\/\/le-communique.fr\/de\/cadeaux-personnalises-idees-originales-et-leur-impact-emotionnel\/\">Cadeaux personnalis\u00e9s : id\u00e9es originales et leur impact \u00e9motionnel<\/a><span class=\"ez-toc-section-end\"><\/span><\/h3><p class=\"tw-card__date mc-card__date\">20 Okt. 2025<\/p><\/article><article class=\"tw-card mc-card\"><div class=\"tw-card__media mc-card__media\"><img decoding=\"async\" src=\"https:\/\/le-communique.fr\/wp-content\/uploads\/2025\/09\/pag-image-68c08b852a743-768x439.png\" alt=\"Dur\u00e9e de vie du MacBook Air : facteurs cl\u00e9s pour optimiser sa long\u00e9vit\u00e9\" loading=\"lazy\" \/><\/div><span class=\"tw-card__cat mc-card__cat\">Technologie<\/span><h3 class=\"tw-card__title mc-card__title\"><span class=\"ez-toc-section\" id=\"Duree_de_vie_du_MacBook_Air_facteurs_cles_pour_optimiser_sa_longevite\"><\/span><a href=\"https:\/\/le-communique.fr\/de\/duree-de-vie-du-macbook-air-facteurs-cles-pour-optimiser-sa-longevite\/\">Dur\u00e9e de vie du MacBook Air : facteurs cl\u00e9s pour optimiser sa long\u00e9vit\u00e9<\/a><span class=\"ez-toc-section-end\"><\/span><\/h3><p class=\"tw-card__date mc-card__date\">16 Okt. 2025<\/p><\/article><article class=\"tw-card mc-card\"><div class=\"tw-card__media mc-card__media\"><img decoding=\"async\" src=\"https:\/\/le-communique.fr\/wp-content\/uploads\/2025\/09\/pag-image-68c08ae6d9144-768x439.png\" alt=\"Pourquoi certaines trottinettes \u00e9lectriques atteignent 100 km\/h : risques et l\u00e9galit\u00e9\" loading=\"lazy\" \/><\/div><span class=\"tw-card__cat mc-card__cat\">Activit\u00e9s de plein air<\/span><h3 class=\"tw-card__title mc-card__title\"><span class=\"ez-toc-section\" id=\"Pourquoi_certaines_trottinettes_electriques_atteignent_100_kmh_risques_et_legalite\"><\/span><a href=\"https:\/\/le-communique.fr\/de\/pourquoi-certaines-trottinettes-electriques-atteignent-100-km-h-risques-et-legalite\/\">Pourquoi certaines trottinettes \u00e9lectriques atteignent 100 km\/h : risques et l\u00e9galit\u00e9<\/a><span class=\"ez-toc-section-end\"><\/span><\/h3><p class=\"tw-card__date mc-card__date\">13 Okt. 2025<\/p><\/article><article class=\"tw-card mc-card\"><div class=\"tw-card__media mc-card__media\"><img decoding=\"async\" src=\"https:\/\/le-communique.fr\/wp-content\/uploads\/2025\/10\/sdxl-863e1d93236bcd0776174f3067010d1b-768x320.png\" alt=\"Objets connect\u00e9s sans fil : top 7 indispensables pour votre maison\" loading=\"lazy\" \/><\/div><span class=\"tw-card__cat mc-card__cat\">Non class\u00e9<\/span><h3 class=\"tw-card__title mc-card__title\"><span class=\"ez-toc-section\" id=\"Objets_connectes_sans_fil_top_7_indispensables_pour_votre_maison\"><\/span><a href=\"https:\/\/le-communique.fr\/de\/objets-connectes-sans-fil-top-7-indispensables-pour-votre-maison\/\">Objets connect\u00e9s sans fil : top 7 indispensables pour votre maison<\/a><span class=\"ez-toc-section-end\"><\/span><\/h3><p class=\"tw-card__date mc-card__date\">9 Okt. 2025<\/p><\/article><article class=\"tw-card mc-card\"><div class=\"tw-card__media mc-card__media\"><img decoding=\"async\" src=\"https:\/\/le-communique.fr\/wp-content\/uploads\/2025\/09\/pag-image-68c0899ec85cf-768x439.png\" alt=\"Robot piscine comparatif : comment choisir le meilleur pour votre hygi\u00e8ne\" loading=\"lazy\" \/><\/div><span class=\"tw-card__cat mc-card__cat\">Activit\u00e9s de vacances<\/span><h3 class=\"tw-card__title mc-card__title\"><span class=\"ez-toc-section\" id=\"Robot_piscine_comparatif_comment_choisir_le_meilleur_pour_votre_hygiene\"><\/span><a href=\"https:\/\/le-communique.fr\/de\/robot-piscine-comparatif-comment-choisir-le-meilleur-pour-votre-hygiene\/\">Robot piscine comparatif : comment choisir le meilleur pour votre hygi\u00e8ne<\/a><span class=\"ez-toc-section-end\"><\/span><\/h3><p class=\"tw-card__date mc-card__date\">6 Okt. 2025<\/p><\/article><article class=\"tw-card mc-card\"><div class=\"tw-card__media mc-card__media\"><img decoding=\"async\" src=\"https:\/\/le-communique.fr\/wp-content\/uploads\/2025\/10\/sdxl-f598b87c9a55442cd3d09fd5f3625ad5-768x320.png\" alt=\"Mini V\u00e9lo \u00c9lectrique Puissant : La Solution L\u00e9g\u00e8re pour la Mobilit\u00e9 Urbaine\" loading=\"lazy\" \/><\/div><span class=\"tw-card__cat mc-card__cat\">Activit\u00e9s de plein air<\/span><h3 class=\"tw-card__title mc-card__title\"><span class=\"ez-toc-section\" id=\"Mini_Velo_Electrique_Puissant_La_Solution_Legere_pour_la_Mobilite_Urbaine\"><\/span><a href=\"https:\/\/le-communique.fr\/de\/mini-velo-electrique-puissant-la-solution-legere-pour-la-mobilite-urbaine\/\">Mini V\u00e9lo \u00c9lectrique Puissant : La Solution L\u00e9g\u00e8re pour la Mobilit\u00e9 Urbaine<\/a><span class=\"ez-toc-section-end\"><\/span><\/h3><p class=\"tw-card__date mc-card__date\">2 Okt. 2025<\/p><\/article><article class=\"tw-card mc-card\"><div class=\"tw-card__media mc-card__media\"><img decoding=\"async\" src=\"https:\/\/le-communique.fr\/wp-content\/uploads\/2025\/10\/sdxl-c8a7cbafd5292f5454e05cb80d1f5bda-768x320.png\" alt=\"Trottinette \u00e9lectrique \u00e0 plus de 100 km\/h : enjeux et mod\u00e8les innovants\" loading=\"lazy\" \/><\/div><span class=\"tw-card__cat mc-card__cat\">Trottinette Freestyle<\/span><h3 class=\"tw-card__title mc-card__title\"><span class=\"ez-toc-section\" id=\"Trottinette_electrique_a_plus_de_100_kmh_enjeux_et_modeles_innovants\"><\/span><a href=\"https:\/\/le-communique.fr\/de\/trottinette-electrique-a-plus-de-100-km-h-enjeux-et-modeles-innovants\/\">Trottinette \u00e9lectrique \u00e0 plus de 100 km\/h : enjeux et mod\u00e8les innovants<\/a><span class=\"ez-toc-section-end\"><\/span><\/h3><p class=\"tw-card__date mc-card__date\">29 Sep. 2025<\/p><\/article><article class=\"tw-card mc-card\"><div class=\"tw-card__media mc-card__media\"><img decoding=\"async\" src=\"https:\/\/le-communique.fr\/wp-content\/uploads\/2025\/09\/pag-image-68c06ebcb3cee-768x439.png\" alt=\"quel thermostat connect\u00e9 choisir\" loading=\"lazy\" \/><\/div><span class=\"tw-card__cat mc-card__cat\">Non class\u00e9<\/span><h3 class=\"tw-card__title mc-card__title\"><span class=\"ez-toc-section\" id=\"quel_thermostat_connecte_choisir\"><\/span><a href=\"https:\/\/le-communique.fr\/de\/quel-thermostat-connecte-choisir\/\">quel thermostat connect\u00e9 choisir<\/a><span class=\"ez-toc-section-end\"><\/span><\/h3><p class=\"tw-card__date mc-card__date\">25 Sep. 2025<\/p><\/article><\/div><\/div>","protected":false},"excerpt":{"rendered":"<p>L&rsquo;int&eacute;gralit&eacute; des publications du Communiqu&eacute;, de la plus r&eacute;cente &agrave; la plus ancienne. Chaque article &#8230; <\/p>\n<p class=\"read-more-container\"><a title=\"quel thermostat connect\u00e9 choisir\" class=\"read-more button\" href=\"https:\/\/le-communique.fr\/de\/quel-thermostat-connecte-choisir\/#more-12979\" aria-label=\"Mehr Informationen \u00fcber quel thermostat connect\u00e9 choisir\">Read More<\/a><\/p>","protected":false},"author":1,"featured_media":0,"parent":0,"menu_order":0,"comment_status":"closed","ping_status":"closed","template":"","meta":{"footnotes":""},"class_list":["post-13105","page","type-page","status-publish","hentry","infinite-scroll-item","generate-columns","tablet-grid-50","mobile-grid-100","grid-parent","grid-25","no-featured-image-padding"],"_links":{"self":[{"href":"https:\/\/le-communique.fr\/de\/wp-json\/wp\/v2\/pages\/13105","targetHints":{"allow":["GET"]}}],"collection":[{"href":"https:\/\/le-communique.fr\/de\/wp-json\/wp\/v2\/pages"}],"about":[{"href":"https:\/\/le-communique.fr\/de\/wp-json\/wp\/v2\/types\/page"}],"author":[{"embeddable":true,"href":"https:\/\/le-communique.fr\/de\/wp-json\/wp\/v2\/users\/1"}],"replies":[{"embeddable":true,"href":"https:\/\/le-communique.fr\/de\/wp-json\/wp\/v2\/comments?post=13105"}],"version-history":[{"count":0,"href":"https:\/\/le-communique.fr\/de\/wp-json\/wp\/v2\/pages\/13105\/revisions"}],"wp:attachment":[{"href":"https:\/\/le-communique.fr\/de\/wp-json\/wp\/v2\/media?parent=13105"}],"curies":[{"name":"wp","href":"https:\/\/api.w.org\/{rel}","templated":true}]}}